{"id":135,"date":"2016-09-29T16:00:08","date_gmt":"2016-09-29T19:00:08","guid":{"rendered":"http:\/\/localhost\/~imacssd\/lmi.sagemm\/?page_id=135"},"modified":"2017-08-08T12:41:59","modified_gmt":"2017-08-08T15:41:59","slug":"o-projeto","status":"publish","type":"page","link":"https:\/\/sagemm.ird.fr\/?page_id=135","title":{"rendered":"O projeto"},"content":{"rendered":"<h2>Resumo do Projeto<\/h2>\n<h3><a href=\"..\/eixo-1\/apresentacao\/\">Eixo 1 \u2013 Activities: The Blurring Frontiers of Wage-Earning Relationship<\/a><\/h3>\n<p>Este eixo tem\u00e1tico tem como objeto as transforma\u00e7\u00f5es do mundo do trabalho nas sociedades contempor\u00e2neas, incluindo um leque variado de formas e nichos do trabalho e de atividades sociais diversas. Sua perspectiva anal\u00edtica se assenta na discuss\u00e3o de elementos transversais a serem apreendidos de modo intersetorial. As formas de trabalho caracter\u00edsticas dos assim chamados pa\u00edses \u201cdo Sul\u201d se generalizaram, igualmente, no hemisf\u00e9rio Norte. As velhas e novas informalidades tornaram-se hegem\u00f4nicas; as categorias relativas \u00e0 distin\u00e7\u00e3o entre \u201ctrabalho formal e informal\u201d foram reconfiguradas. A investiga\u00e7\u00e3o proposta se volta assim para as rela\u00e7\u00f5es entre as condi\u00e7\u00f5es de trabalho, os seus modos de formaliza\u00e7\u00e3o\/informaliza\u00e7\u00e3o, rela\u00e7\u00f5es de emprego e formas de solidariedade, mediadas pela prote\u00e7\u00e3o social, considerando fortemente as dimens\u00f5es relativas a g\u00eanero, ao fen\u00f4meno migrat\u00f3rio em suas conforma\u00e7\u00f5es recentes e \u00e0 din\u00e2mica e papel do Estado, no quadro dessas transforma\u00e7\u00f5es e perman\u00eancias. Trata-se, assim, de considerar os sentidos das categorias de \u201ctrabalho\u201d, \u201cemprego\u201d e \u201catividade\u201d sob o prisma revelador das rela\u00e7\u00f5es de classe, de g\u00eanero e de ra\u00e7a\/cor, tentando identificar atores e formas de imbrica\u00e7\u00e3o entre as inst\u00e2ncias da empresa privada, das formas de regula\u00e7\u00e3o p\u00fablica, das pr\u00e1ticas que conformam a esfera da assim chamada \u201csociedade civil\u201d na constru\u00e7\u00e3o do trabalho contempor\u00e2neo, no \u00e2mbito do \u201cgoverno moral dos pobres\u201d.<\/p>\n<p><strong>Palavras-chave<\/strong>: Trabalho, Classe\/g\u00eanero\/ra\u00e7a, formas de emprego<\/p>\n<h3><a href=\"..\/eixo-2\/apresentacao\/\">Eixo 2 \u2013 Social policies and markets<\/a><\/h3>\n<p>Este eixo tem\u00e1tico tem como objeto as transforma\u00e7\u00f5es nas rela\u00e7\u00f5es entre Estado e \u201csociedade civil\u201d, suas media\u00e7\u00f5es pela conforma\u00e7\u00e3o de diferentes esferas de mercado, mercadorias e economias morais, entendidas como gram\u00e1ticas morais. As dimens\u00f5es anal\u00edticas, em abordagem intersetorial, se prop\u00f5em a investigar os caminhos pelos quais as pol\u00edticas sociais criam diferentes tipos de mercados, inclusive de trabalho. Trata-se de caracterizar as formas de interc\u00e2mbio entre os diferentes tipos de mercado e seus modos de articula\u00e7\u00e3o. Est\u00e3o no cerne da pesquisa proposta nesse eixo, em uma abordagem que se desenvolve em diferentes escalas territoriais,  as tecnologias sociais de gest\u00e3o populacional, de produ\u00e7\u00e3o de novas subjetividades sociais, de g\u00eanero e de ra\u00e7a. Essas dimens\u00f5es e desdobramentos que conformam e resultam em tessituras marcadas por desigualdades, dever\u00e3o ser apreendidos em suas ancoragens territoriais, nas formas de constru\u00e7\u00e3o social dos territ\u00f3rios, pelo acesso ou n\u00e3o \u00e0s infraestruturas, pelas formas de gest\u00e3o e manejo ambiental, pela diversidade de modos de rela\u00e7\u00e3o com a natureza. Tendo como horizonte uma perspectiva comparativa latino-americana, o objetivo de pesquisa \u00e9 o de identificar os diversos atores ao longo das cadeias de produ\u00e7\u00e3o dos servi\u00e7os e programas sociais, nas suas escalas locais, regionais, nacionais e internacionais; inventariar os seus campos de atua\u00e7\u00e3o, entre a pol\u00edtica, a iniciativa privada e os grandes organismos internacionais (Banco Mundial, FMI, Multinacionais, etc.) e cartografar as suas trajet\u00f3rias sociais e profissionais; desvelar as suas pr\u00e1ticas, para, finalmente, pensar o mosaico de conforma\u00e7\u00f5es territoriais latino-americanas a partir de suas diferentes conjunturas e temporalidades, numa escala global.<\/p>\n<p><strong>Palavras-chave<\/strong>: Estado, sociedade civil, mercados, economias morais<\/p>\n<h3><a href=\"..\/eixo-3\/apresentacao\/\">Eixo 3 \u2013 Reconfiguration of politics<\/a><\/h3>\n<p>Este eixo tem\u00e1tico objetiva estudar as rela\u00e7\u00f5es entre demandas sociais e suas formas de institucionaliza\u00e7\u00e3o, a exemplo da economia solidaria, numa perspectiva multi-escalar e nas suas interfaces. Al\u00e9m da an\u00e1lise da constru\u00e7\u00e3o de agendas pol\u00edticas, no cruzamento das rela\u00e7\u00f5es entre movimentos sociais, suas formas de media\u00e7\u00e3o e o Estado no contexto dos governos \u201cprogressistas\u201d na Am\u00e9rica Latina dos anos 2000, pretende-se estudar as formas de mobiliza\u00e7\u00e3o emergentes e o lugar do conflito na conjuntura pol\u00edtica atual. Constituem o quadro de quest\u00f5es e temas desse campo tem\u00e1tico: as transforma\u00e7\u00f5es das rela\u00e7\u00f5es de classe;  a coexist\u00eancia entre amplia\u00e7\u00e3o da formaliza\u00e7\u00e3o, manuten\u00e7\u00e3o e mesmo crescimento das condi\u00e7\u00f5es prec\u00e1rias de trabalho; assim como as pol\u00edticas assistencialistas focalizadas, suas rela\u00e7\u00f5es de concorr\u00eancia ou de coopera\u00e7\u00e3o com outros campos de ajuda, como o campo religioso, seus enquadramentos e desdobramentos.<\/p>\n<p><strong>Palavras-chave<\/strong>: Pol\u00edtica, formas de mobiliza\u00e7\u00e3o, economia solid\u00e1ria<\/p>\n<div style=\"border-right: 2px black solid\"><a href=\"..\/wp-content\/uploads\/pdfs\/o-projeto\/lmi-2015-cfp-initial-application-form-sagemm-georges-rizek.pdf\" class=\"pdfemb-viewer\" style=\"\" data-width=\"max\" data-height=\"max\"  data-toolbar=\"bottom\" data-toolbar-fixed=\"off\">lmi-2015-cfp-initial-application-form-sagemm-georges-rizek<br\/><\/a><\/div>\n","protected":false},"excerpt":{"rendered":"<p>Resumo do Projeto Eixo 1 \u2013 Activities: The Blurring Frontiers of Wage-Earning Relationship Este eixo tem\u00e1tico tem como objeto as transforma\u00e7\u00f5es do mundo do trabalho nas sociedades contempor\u00e2neas, incluindo um leque variado de formas e nichos do trabalho e de atividades sociais diversas. Sua perspectiva anal\u00edtica se assenta na discuss\u00e3o [&hellip;]<\/p>\n","protected":false},"author":1,"featured_media":0,"parent":0,"menu_order":0,"comment_status":"closed","ping_status":"closed","template":"","meta":[],"_links":{"self":[{"href":"https:\/\/sagemm.ird.fr\/index.php?rest_route=\/wp\/v2\/pages\/135"}],"collection":[{"href":"https:\/\/sagemm.ird.fr\/index.php?rest_route=\/wp\/v2\/pages"}],"about":[{"href":"https:\/\/sagemm.ird.fr\/index.php?rest_route=\/wp\/v2\/types\/page"}],"author":[{"embeddable":true,"href":"https:\/\/sagemm.ird.fr\/index.php?rest_route=\/wp\/v2\/users\/1"}],"replies":[{"embeddable":true,"href":"https:\/\/sagemm.ird.fr\/index.php?rest_route=%2Fwp%2Fv2%2Fcomments&post=135"}],"version-history":[{"count":7,"href":"https:\/\/sagemm.ird.fr\/index.php?rest_route=\/wp\/v2\/pages\/135\/revisions"}],"predecessor-version":[{"id":559,"href":"https:\/\/sagemm.ird.fr\/index.php?rest_route=\/wp\/v2\/pages\/135\/revisions\/559"}],"wp:attachment":[{"href":"https:\/\/sagemm.ird.fr\/index.php?rest_route=%2Fwp%2Fv2%2Fmedia&parent=135"}],"curies":[{"name":"wp","href":"https:\/\/api.w.org\/{rel}","templated":true}]}}