{"id":837,"date":"2018-05-14T12:05:28","date_gmt":"2018-05-14T15:05:28","guid":{"rendered":"https:\/\/sagemm.ird.fr\/?page_id=837"},"modified":"2021-06-09T05:17:50","modified_gmt":"2021-06-09T08:17:50","slug":"videos","status":"publish","type":"page","link":"https:\/\/sagemm.ird.fr\/?page_id=837","title":{"rendered":"V\u00eddeos"},"content":{"rendered":"<style>\n.collapseomatic_content {\n    margin-left: 0px !important;\n}\n.collapseomatic {\n    margin: 0px !important;\n}\n#content h3 {\n    margin: 0px;\n}\n<\/style>\n<h2>Semin\u00e1rio Internacional Brasil-Fran\u00e7a<\/h2>\n<h3 class=\"collapseomatic noarrow\" id=\"id69f337e5641d3\"  tabindex=\"0\" alt=\"Mesa Territorialidades\" title=\"Mesa Territorialidades\"    ><\/p>\n<div style='background: white; padding: 10px;'>Confer\u00eancia de abertura: \u201cDe l\u2019\u00e9conomie morale des \u201cterritoires\u201d de la sant\u00e9\u201d \u2013 Fr\u00e9d\u00e9ric Pierru (CNRS-CERAPS)<\/div>\n<p><\/h3><h3 id='swap-id69f337e5641d3'  class='colomat-swap' style='display:none;'><\/p>\n<div style='background: white; padding: 10px;'>Fechar &#9746;<\/div>\n<p><\/h3><div id=\"target-id69f337e5641d3\" class=\"collapseomatic_content \">\n<div class=\"youtube\" style=\"margin-left: 0px;\"><iframe loading=\"lazy\" width=\"620\" height=\"375\" src=\"https:\/\/www.youtube.com\/embed\/4MPPHd7Gzwo?rel=0\" frameborder=\"0\" allowfullscreen><\/iframe><\/div>\n<\/div>\n<h3 class=\"collapseomatic noarrow\" id=\"id69f337e5641fc\"  tabindex=\"0\" alt=\"Mesa Territorialidades\" title=\"Mesa Territorialidades\"    ><\/p>\n<div style='background: white; padding: 10px;'>Mesa 1 \u2013 As pol\u00edticas sociais brasileiras entre continuidade e descontinuidade: Pr\u00e1ticas de gest\u00e3o do social e forma\u00e7\u00e3o da demanda (Parte 1)<\/div>\n<p><\/h3><h3 id='swap-id69f337e5641fc'  class='colomat-swap' style='display:none;'><\/p>\n<div style='background: white; padding: 10px;'>Fechar &#9746;<\/div>\n<p><\/h3><div id=\"target-id69f337e5641fc\" class=\"collapseomatic_content \">\n<div class=\"youtube\" style=\"margin-left: 0px;\"><iframe loading=\"lazy\" width=\"620\" height=\"375\" src=\"https:\/\/www.youtube.com\/embed\/6RjBZ6CLQ9s?rel=0\" frameborder=\"0\" allowfullscreen><\/iframe><\/div>\n<\/div>\n<h3 class=\"collapseomatic noarrow\" id=\"id69f337e564210\"  tabindex=\"0\" alt=\"Mesa Territorialidades\" title=\"Mesa Territorialidades\"    ><\/p>\n<div style='background: white; padding: 10px;'>Mesa 1 \u2013 As pol\u00edticas sociais brasileiras entre continuidade e descontinuidade: Pr\u00e1ticas de gest\u00e3o do social e forma\u00e7\u00e3o da demanda (Parte 2)<\/div>\n<p><\/h3><h3 id='swap-id69f337e564210'  class='colomat-swap' style='display:none;'><\/p>\n<div style='background: white; padding: 10px;'>Fechar &#9746;<\/div>\n<p><\/h3><div id=\"target-id69f337e564210\" class=\"collapseomatic_content \">\n<div class=\"youtube\" style=\"margin-left: 0px;\"><iframe loading=\"lazy\" width=\"620\" height=\"375\" src=\"https:\/\/www.youtube.com\/embed\/A3W_uBfcPN8?rel=0\" frameborder=\"0\" allowfullscreen><\/iframe><\/div>\n<\/div>\n<h3 class=\"collapseomatic noarrow\" id=\"id69f337e56421f\"  tabindex=\"0\" alt=\"Mesa Territorialidades\" title=\"Mesa Territorialidades\"    ><\/p>\n<div style='background: white; padding: 10px;'>Mesa 2 \u2013 Um dispositivo de an\u00e1lise multi-escalar da conjuntura brasileira: temporalidades e territorialidades cruzadas<\/div>\n<p><\/h3><h3 id='swap-id69f337e56421f'  class='colomat-swap' style='display:none;'><\/p>\n<div style='background: white; padding: 10px;'>Fechar &#9746;<\/div>\n<p><\/h3><div id=\"target-id69f337e56421f\" class=\"collapseomatic_content \">\n<div class=\"youtube\" style=\"margin-left: 0px;\"><iframe loading=\"lazy\" width=\"620\" height=\"375\" src=\"https:\/\/www.youtube.com\/embed\/b6WlpuyhvmQ?rel=0\" frameborder=\"0\" allowfullscreen><\/iframe><\/div>\n<\/div>\n<h3 class=\"collapseomatic noarrow\" id=\"id69f337e56422f\"  tabindex=\"0\" alt=\"Mesa Territorialidades\" title=\"Mesa Territorialidades\"    ><\/p>\n<div style='background: white; padding: 10px;'>Grande discuss\u00e3o final sobre as rela\u00e7\u00f5es entre gest\u00e3o das desigualdades sociais, formas de engajamento, pol\u00edticas p\u00fablicas e democracia (Parte 1)<\/div>\n<p><\/h3><h3 id='swap-id69f337e56422f'  class='colomat-swap' style='display:none;'><\/p>\n<div style='background: white; padding: 10px;'>Fechar &#9746;<\/div>\n<p><\/h3><div id=\"target-id69f337e56422f\" class=\"collapseomatic_content \">\n<div class=\"youtube\" style=\"margin-left: 0px;\"><iframe loading=\"lazy\" width=\"620\" height=\"375\" src=\"https:\/\/www.youtube.com\/embed\/uvzsWfPXCns?rel=0\" frameborder=\"0\" allowfullscreen><\/iframe><\/div>\n<\/div>\n<h3 class=\"collapseomatic noarrow\" id=\"id69f337e56423d\"  tabindex=\"0\" alt=\"Mesa Territorialidades\" title=\"Mesa Territorialidades\"    ><\/p>\n<div style='background: white; padding: 10px;'>Grande discuss\u00e3o final sobre as rela\u00e7\u00f5es entre gest\u00e3o das desigualdades sociais, formas de engajamento, pol\u00edticas p\u00fablicas e democracia (Parte 2)<\/div>\n<p><\/h3><h3 id='swap-id69f337e56423d'  class='colomat-swap' style='display:none;'><\/p>\n<div style='background: white; padding: 10px;'>Fechar &#9746;<\/div>\n<p><\/h3><div id=\"target-id69f337e56423d\" class=\"collapseomatic_content \">\n<div class=\"youtube\" style=\"margin-left: 0px;\"><iframe loading=\"lazy\" width=\"620\" height=\"375\" src=\"https:\/\/www.youtube.com\/embed\/YoOlRG_pvyc?rel=0\" frameborder=\"0\" allowfullscreen><\/iframe><\/div>\n<\/div>\n<hr>\n<h3 class=\"collapseomatic noarrow\" id=\"id69f337e56424a\"  tabindex=\"0\" alt=\"Mesa Territorialidades\" title=\"Mesa Territorialidades\"    ><\/p>\n<div style='background: white; padding: 10px;'>Workshop Multi-Escalaridade SAGEMM (2019) Parte 1<\/div>\n<p><\/h3><h3 id='swap-id69f337e56424a'  class='colomat-swap' style='display:none;'><\/p>\n<div style='background: white; padding: 10px;'>Fechar &#9746;<\/div>\n<p><\/h3><div id=\"target-id69f337e56424a\" class=\"collapseomatic_content \">\n<div class=\"youtube\" style=\"margin-left: 0px;\"><iframe loading=\"lazy\" width=\"620\" height=\"375\" src=\"https:\/\/www.youtube.com\/embed\/uWbM4Ytcitc?rel=0\" frameborder=\"0\" allowfullscreen><\/iframe><\/div>\n<\/div>\n<h3 class=\"collapseomatic noarrow\" id=\"id69f337e564258\"  tabindex=\"0\" alt=\"Mesa Territorialidades\" title=\"Mesa Territorialidades\"    ><\/p>\n<div style='background: white; padding: 10px;'>Workshop Multi-Escalaridade SAGEMM (2019) (continua\u00e7\u00e3o da Parte 1)<\/div>\n<p><\/h3><h3 id='swap-id69f337e564258'  class='colomat-swap' style='display:none;'><\/p>\n<div style='background: white; padding: 10px;'>Fechar &#9746;<\/div>\n<p><\/h3><div id=\"target-id69f337e564258\" class=\"collapseomatic_content \">\n<div class=\"youtube\" style=\"margin-left: 0px;\"><iframe loading=\"lazy\" width=\"620\" height=\"375\" src=\"https:\/\/www.youtube.com\/embed\/VQmGtsfdOzo?rel=0\" frameborder=\"0\" allowfullscreen><\/iframe><\/div>\n<\/div>\n<h3 class=\"collapseomatic noarrow\" id=\"id69f337e564265\"  tabindex=\"0\" alt=\"Mesa Territorialidades\" title=\"Mesa Territorialidades\"    ><\/p>\n<div style='background: white; padding: 10px;'>Workshop Multi Escalaridade SAGEMM (2019) (Parte 2)<\/div>\n<p><\/h3><h3 id='swap-id69f337e564265'  class='colomat-swap' style='display:none;'><\/p>\n<div style='background: white; padding: 10px;'>Fechar &#9746;<\/div>\n<p><\/h3><div id=\"target-id69f337e564265\" class=\"collapseomatic_content \">\n<div class=\"youtube\" style=\"margin-left: 0px;\"><iframe loading=\"lazy\" width=\"620\" height=\"375\" src=\"https:\/\/www.youtube.com\/embed\/dY1mAtNQKbQ?rel=0\" frameborder=\"0\" allowfullscreen><\/iframe><\/div>\n<\/div>\n<h3 class=\"collapseomatic noarrow\" id=\"id69f337e564272\"  tabindex=\"0\" alt=\"Mesa Territorialidades\" title=\"Mesa Territorialidades\"    ><\/p>\n<div style='background: white; padding: 10px;'>Workshop Multi Escalaridade SAGEMM (2019) (continua\u00e7\u00e3o da Parte 2)<\/div>\n<p><\/h3><h3 id='swap-id69f337e564272'  class='colomat-swap' style='display:none;'><\/p>\n<div style='background: white; padding: 10px;'>Fechar &#9746;<\/div>\n<p><\/h3><div id=\"target-id69f337e564272\" class=\"collapseomatic_content \">\n<div class=\"youtube\" style=\"margin-left: 0px;\"><iframe loading=\"lazy\" width=\"620\" height=\"375\" src=\"https:\/\/www.youtube.com\/embed\/ouf1jC3mCd4?rel=0\" frameborder=\"0\" allowfullscreen><\/iframe><\/div>\n<\/div>\n<h3 class=\"collapseomatic noarrow\" id=\"id69f337e56427f\"  tabindex=\"0\" alt=\"Mesa Territorialidades\" title=\"Mesa Territorialidades\"    ><\/p>\n<div style='background: white; padding: 10px;'>Quarta-Sociol\u00f3gica em 14 de agosto de 2019 (Parte 1)<\/div>\n<p><\/h3><h3 id='swap-id69f337e56427f'  class='colomat-swap' style='display:none;'><\/p>\n<div style='background: white; padding: 10px;'>Fechar &#9746;<\/div>\n<p><\/h3><div id=\"target-id69f337e56427f\" class=\"collapseomatic_content \">\n<div class=\"youtube\" style=\"margin-left: 0px;\"><iframe loading=\"lazy\" width=\"620\" height=\"375\" src=\"https:\/\/www.youtube.com\/embed\/-V6IR87IU5U?rel=0\" frameborder=\"0\" allowfullscreen><\/iframe><\/div>\n<\/div>\n<h3 class=\"collapseomatic noarrow\" id=\"id69f337e56428c\"  tabindex=\"0\" alt=\"Mesa Territorialidades\" title=\"Mesa Territorialidades\"    ><\/p>\n<div style='background: white; padding: 10px;'>Quarta-Sociol\u00f3gica em 14 de agosto de 2019 (Parte 2)<\/div>\n<p><\/h3><h3 id='swap-id69f337e56428c'  class='colomat-swap' style='display:none;'><\/p>\n<div style='background: white; padding: 10px;'>Fechar &#9746;<\/div>\n<p><\/h3><div id=\"target-id69f337e56428c\" class=\"collapseomatic_content \">\n<div class=\"youtube\" style=\"margin-left: 0px;\"><iframe loading=\"lazy\" width=\"620\" height=\"375\" src=\"https:\/\/www.youtube.com\/embed\/nMXSd08RK18?rel=0\" frameborder=\"0\" allowfullscreen><\/iframe><\/div>\n<\/div>\n<h3 class=\"collapseomatic noarrow\" id=\"id69f337e564299\"  tabindex=\"0\" alt=\"Mesa Territorialidades\" title=\"Mesa Territorialidades\"    ><\/p>\n<div style='background: white; padding: 10px;'>Quarta-Sociol\u00f3gica em 14 de agosto de 2019 (Parte 3)<\/div>\n<p><\/h3><h3 id='swap-id69f337e564299'  class='colomat-swap' style='display:none;'><\/p>\n<div style='background: white; padding: 10px;'>Fechar &#9746;<\/div>\n<p><\/h3><div id=\"target-id69f337e564299\" class=\"collapseomatic_content \">\n<div class=\"youtube\" style=\"margin-left: 0px;\"><iframe loading=\"lazy\" width=\"620\" height=\"375\" src=\"https:\/\/www.youtube.com\/embed\/VPGkWKsy1E4?rel=0\" frameborder=\"0\" allowfullscreen><\/iframe><\/div>\n<\/div>\n<h3 class=\"collapseomatic noarrow\" id=\"id69f337e5642a5\"  tabindex=\"0\" alt=\"Mesa Territorialidades\" title=\"Mesa Territorialidades\"    ><\/p>\n<div style='background: white; padding: 10px;'>Mesa Territorialidades<\/div>\n<p><\/h3><h3 id='swap-id69f337e5642a5'  class='colomat-swap' style='display:none;'><\/p>\n<div style='background: white; padding: 10px;'>Fechar &#9746;<\/div>\n<p><\/h3><div id=\"target-id69f337e5642a5\" class=\"collapseomatic_content \">\n<div class=\"youtube\" style=\"margin-left: 0px;\"><iframe loading=\"lazy\" width=\"620\" height=\"375\" src=\"https:\/\/www.youtube.com\/embed\/eA_Ao6g1N3o?rel=0\" frameborder=\"0\" allowfullscreen><\/iframe><\/div>\n<\/div>\n<h3 class=\"collapseomatic noarrow\" id=\"id69f337e5642b2\"  tabindex=\"0\" alt=\"Escola de Inverno Abertura\" title=\"Escola de Inverno Abertura\"    ><\/p>\n<div style='background: white; padding: 10px;'>Escola de Inverno Abertura<\/div>\n<p><\/h3><h3 id='swap-id69f337e5642b2'  class='colomat-swap' style='display:none;'><\/p>\n<div style='background: white; padding: 10px;'>Fechar &#9746;<\/div>\n<p><\/h3><div id=\"target-id69f337e5642b2\" class=\"collapseomatic_content \">\n<div class=\"youtube\" style=\"margin-left: 0px;\"><iframe loading=\"lazy\" width=\"620\" height=\"375\" src=\"https:\/\/www.youtube.com\/embed\/oQSsTOzjTDE?rel=0\" frameborder=\"0\" allowfullscreen><\/iframe><\/div>\n<\/div>\n<h3 class=\"collapseomatic noarrow\" id=\"id69f337e5642c0\"  tabindex=\"0\" alt=\"Escola de Inverno \u2013 Mesa Mem\u00f3ria e conflito social\" title=\"Escola de Inverno \u2013 Mesa Mem\u00f3ria e conflito social\"    ><\/p>\n<div style='background: white; padding: 10px;'>Escola de Inverno \u2013 Mesa Mem\u00f3ria e conflito social<\/div>\n<p><\/h3><h3 id='swap-id69f337e5642c0'  class='colomat-swap' style='display:none;'><\/p>\n<div style='background: white; padding: 10px;'>Fechar &#9746;<\/div>\n<p><\/h3><div id=\"target-id69f337e5642c0\" class=\"collapseomatic_content \">\n<div class=\"youtube\" style=\"margin-left: 0px;\"><iframe loading=\"lazy\" width=\"620\" height=\"375\" src=\"https:\/\/www.youtube.com\/embed\/LReiHJN9Sys?rel=0\" frameborder=\"0\" allowfullscreen><\/iframe><\/div>\n<\/div>\n<h3 class=\"collapseomatic noarrow\" id=\"id69f337e5642ce\"  tabindex=\"0\" alt=\"Seminario Internacional &quot;Trayectorias, trabajo y g\u00e9nero&quot; (Buenos Aires, 2018)\" title=\"Seminario Internacional &quot;Trayectorias, trabajo y g\u00e9nero&quot; (Buenos Aires, 2018)\"    ><\/p>\n<div style='background: white; padding: 10px;'>Seminario Internacional &quot;Trayectorias, trabajo y g\u00e9nero&quot; (Buenos Aires, 2018)<\/div>\n<p><\/h3><h3 id='swap-id69f337e5642ce'  class='colomat-swap' style='display:none;'><\/p>\n<div style='background: white; padding: 10px;'>Fechar &#9746;<\/div>\n<p><\/h3><div id=\"target-id69f337e5642ce\" class=\"collapseomatic_content \">\n<div class=\"youtube\" style=\"margin-left: 0px;\"><iframe loading=\"lazy\" width=\"620\" height=\"375\" src=\"https:\/\/www.youtube.com\/embed\/8I4_V3I_y60?rel=0\" frameborder=\"0\" allowfullscreen><\/iframe><\/div>\n<\/div>\n<h3 class=\"collapseomatic noarrow\" id=\"id69f337e5642dc\"  tabindex=\"0\" alt=\"Seminario Internacional &quot;Trayectorias, trabajo y g\u00e9nero&quot; (Buenos Aires, 2018)\" title=\"Seminario Internacional &quot;Trayectorias, trabajo y g\u00e9nero&quot; (Buenos Aires, 2018)\"    ><\/p>\n<div style='background: white; padding: 10px;'>Seminario Internacional &quot;Trayectorias, trabajo y g\u00e9nero&quot; (Buenos Aires, 2018)<\/div>\n<p><\/h3><h3 id='swap-id69f337e5642dc'  class='colomat-swap' style='display:none;'><\/p>\n<div style='background: white; padding: 10px;'>Fechar &#9746;<\/div>\n<p><\/h3><div id=\"target-id69f337e5642dc\" class=\"collapseomatic_content \">\n<div class=\"youtube\" style=\"margin-left: 0px;\"><iframe loading=\"lazy\" width=\"620\" height=\"375\" src=\"https:\/\/www.youtube.com\/embed\/yEz_crmMkHs?rel=0\" frameborder=\"0\" allowfullscreen><\/iframe><\/div>\n<\/div>\n<h3 class=\"collapseomatic noarrow\" id=\"id69f337e5642ea\"  tabindex=\"0\" alt=\"Seminario Internacional &quot;Trayectorias, trabajo y g\u00e9nero&quot; (Buenos Aires, 2018)\" title=\"Seminario Internacional &quot;Trayectorias, trabajo y g\u00e9nero&quot; (Buenos Aires, 2018)\"    ><\/p>\n<div style='background: white; padding: 10px;'>Seminario Internacional &quot;Trayectorias, trabajo y g\u00e9nero&quot; (Buenos Aires, 2018)<\/div>\n<p><\/h3><h3 id='swap-id69f337e5642ea'  class='colomat-swap' style='display:none;'><\/p>\n<div style='background: white; padding: 10px;'>Fechar &#9746;<\/div>\n<p><\/h3><div id=\"target-id69f337e5642ea\" class=\"collapseomatic_content \">\n<div class=\"youtube\" style=\"margin-left: 0px;\"><iframe loading=\"lazy\" width=\"620\" height=\"375\" src=\"https:\/\/www.youtube.com\/embed\/AVXaDzF7wbs?rel=0\" frameborder=\"0\" allowfullscreen><\/iframe><\/div>\n<\/div>\n<h3 class=\"collapseomatic noarrow\" id=\"id69f337e5642f6\"  tabindex=\"0\" alt=\"Seminario Internacional &quot;Trayectorias, trabajo y g\u00e9nero&quot; (Buenos Aires, 2018)\" title=\"Seminario Internacional &quot;Trayectorias, trabajo y g\u00e9nero&quot; (Buenos Aires, 2018)\"    ><\/p>\n<div style='background: white; padding: 10px;'>Seminario Internacional &quot;Trayectorias, trabajo y g\u00e9nero&quot; (Buenos Aires, 2018)<\/div>\n<p><\/h3><h3 id='swap-id69f337e5642f6'  class='colomat-swap' style='display:none;'><\/p>\n<div style='background: white; padding: 10px;'>Fechar &#9746;<\/div>\n<p><\/h3><div id=\"target-id69f337e5642f6\" class=\"collapseomatic_content \">\n<div class=\"youtube\" style=\"margin-left: 0px;\"><iframe loading=\"lazy\" width=\"620\" height=\"375\" src=\"https:\/\/www.youtube.com\/embed\/pJyFEKiO_rc?rel=0\" frameborder=\"0\" allowfullscreen><\/iframe><\/div>\n<\/div>\n<h3 class=\"collapseomatic noarrow\" id=\"id69f337e564308\"  tabindex=\"0\" title=\"<\/p>\n<div style='background: white; padding: 10px;'>Seminario Internacional &quot;Mujeres, Pol\u00edtica Social y Mercados&quot; (Vi\u00f1a del Mar, 2016)<\/div>\n<p>\"    ><\/p>\n<div style='background: white; padding: 10px;'>Seminario Internacional &quot;Mujeres, Pol\u00edtica Social y Mercados&quot; (Vi\u00f1a del Mar, 2016)<\/div>\n<p><\/h3><h3 id='swap-id69f337e564308'  class='colomat-swap' style='display:none;'><\/p>\n<div style='background: white; padding: 10px;'>Fechar &#9746;<\/div>\n<p><\/h3><div id=\"target-id69f337e564308\" class=\"collapseomatic_content \">\n<div class=\"youtube\" style=\"margin-left: 0px;\"><iframe loading=\"lazy\" width=\"620\" height=\"375\" src=\"https:\/\/www.youtube.com\/embed\/ONQ2gaclzf8?rel=0\" frameborder=\"0\" allowfullscreen><\/iframe><\/div>\n<\/div>\n<h3 class=\"collapseomatic noarrow\" id=\"id69f337e564318\"  tabindex=\"0\" alt=\"Seminario Internacional &quot;Mujeres, Pol\u00edtica Social y Mercados&quot; (Vi\u00f1a de Mar, 2016)\" title=\"Seminario Internacional &quot;Mujeres, Pol\u00edtica Social y Mercados&quot; (Vi\u00f1a de Mar, 2016)\"    ><\/p>\n<div style='background: white; padding: 10px;'>Seminario Internacional &quot;Mujeres, Pol\u00edtica Social y Mercados&quot; (Vi\u00f1a de Mar, 2016)<\/div>\n<p><\/h3><h3 id='swap-id69f337e564318'  class='colomat-swap' style='display:none;'><\/p>\n<div style='background: white; padding: 10px;'>Fechar &#9746;<\/div>\n<p><\/h3><div id=\"target-id69f337e564318\" class=\"collapseomatic_content \">\n<div class=\"youtube\" style=\"margin-left: 0px;\"><iframe loading=\"lazy\" width=\"620\" height=\"375\" src=\"https:\/\/www.youtube.com\/embed\/xdk5bjs0m9o?rel=0\" frameborder=\"0\" allowfullscreen><\/iframe><\/div>\n<\/div>\n<h3 class=\"collapseomatic noarrow\" id=\"id69f337e56432e\"  tabindex=\"0\" alt=\"Seminario Internacional\" title=\"Seminario Internacional\"    ><\/p>\n<div style='background: white; padding: 10px;'>Seminario Internacional &quot;Mujeres, Pol\u00edtica Social y Mercados&quot; (Vi\u00f1a del Mar, 2016)<\/div>\n<p><\/h3><h3 id='swap-id69f337e56432e'  class='colomat-swap' style='display:none;'><\/p>\n<div style='background: white; padding: 10px;'>Fechar &#9746;<\/div>\n<p><\/h3><div id=\"target-id69f337e56432e\" class=\"collapseomatic_content \">\n<div class=\"youtube\" style=\"margin-left: 0px;\"><iframe loading=\"lazy\" width=\"620\" height=\"375\" src=\"https:\/\/www.youtube.com\/embed\/iQUJ5cnrvLE?rel=0\" frameborder=\"0\" allowfullscreen><\/iframe><\/div>\n<\/div>\n<h3 class=\"collapseomatic noarrow\" id=\"id69f337e56433e\"  tabindex=\"0\" alt=\"S\u00e9minaire International &quot;Repenser la conjoncture en Am\u00e9rique Latine&quot; (Paris, 2017)\" title=\"S\u00e9minaire International &quot;Repenser la conjoncture en Am\u00e9rique Latine&quot; (Paris, 2017)\"    ><\/p>\n<div style='background: white; padding: 10px;'>S\u00e9minaire International &quot;Repenser la conjoncture en Am\u00e9rique Latine&quot; (Paris, 2017)<\/div>\n<p><\/h3><h3 id='swap-id69f337e56433e'  class='colomat-swap' style='display:none;'><\/p>\n<div style='background: white; padding: 10px;'>Fechar &#9746;<\/div>\n<p><\/h3><div id=\"target-id69f337e56433e\" class=\"collapseomatic_content \">\n<div class=\"youtube\" style=\"margin-left: 0px;\"><iframe loading=\"lazy\" width=\"620\" height=\"375\" src=\"https:\/\/www.youtube.com\/embed\/8n33Z-_GFJc?rel=0\" frameborder=\"0\" allowfullscreen><\/iframe><\/div>\n<\/div>\n<h3 class=\"collapseomatic noarrow\" id=\"id69f337e56434b\"  tabindex=\"0\" alt=\"S\u00e9minaire international &quot;Repenser la conjoncture en Am\u00e9rique Latine&quot; (Paris, 2017)\" title=\"S\u00e9minaire international &quot;Repenser la conjoncture en Am\u00e9rique Latine&quot; (Paris, 2017)\"    ><\/p>\n<div style='background: white; padding: 10px;'>S\u00e9minaire international &quot;Repenser la conjoncture en Am\u00e9rique Latine&quot; (Paris, 2017)<\/div>\n<p><\/h3><h3 id='swap-id69f337e56434b'  class='colomat-swap' style='display:none;'><\/p>\n<div style='background: white; padding: 10px;'>Fechar &#9746;<\/div>\n<p><\/h3><div id=\"target-id69f337e56434b\" class=\"collapseomatic_content \">\n<div class=\"youtube\" style=\"margin-left: 0px;\"><iframe loading=\"lazy\" width=\"620\" height=\"375\" src=\"https:\/\/www.youtube.com\/embed\/nxkTNMybxxk?rel=0\" frameborder=\"0\" allowfullscreen><\/iframe><\/div>\n<\/div>\n<h3 class=\"collapseomatic noarrow\" id=\"id69f337e564359\"  tabindex=\"0\" alt=\"S\u00e9minaire international &quot;Repenser la conjoncture en Am\u00e9rique Latine&quot; (Paris, 2017)\" title=\"S\u00e9minaire international &quot;Repenser la conjoncture en Am\u00e9rique Latine&quot; (Paris, 2017)\"    ><\/p>\n<div style='background: white; padding: 10px;'>S\u00e9minaire international &quot;Repenser la conjoncture en Am\u00e9rique Latine&quot; (Paris, 2017)<\/div>\n<p><\/h3><h3 id='swap-id69f337e564359'  class='colomat-swap' style='display:none;'><\/p>\n<div style='background: white; padding: 10px;'>Fechar &#9746;<\/div>\n<p><\/h3><div id=\"target-id69f337e564359\" class=\"collapseomatic_content \">\n<div class=\"youtube\" style=\"margin-left: 0px;\"><iframe loading=\"lazy\" width=\"620\" height=\"375\" src=\"https:\/\/www.youtube.com\/embed\/ZOb4hble_C8?rel=0\" frameborder=\"0\" allowfullscreen><\/iframe><\/div>\n<\/div>\n<h3 class=\"collapseomatic noarrow\" id=\"id69f337e564366\"  tabindex=\"0\" alt=\"S\u00e9minaire International &quot;Repenser la conjoncture en Am\u00e9rique Latine&quot; (Paris, 2017)\" title=\"S\u00e9minaire International &quot;Repenser la conjoncture en Am\u00e9rique Latine&quot; (Paris, 2017)\"    ><\/p>\n<div style='background: white; padding: 10px;'>S\u00e9minaire International &quot;Repenser la conjoncture en Am\u00e9rique Latine&quot; (Paris, 2017)<\/div>\n<p><\/h3><h3 id='swap-id69f337e564366'  class='colomat-swap' style='display:none;'><\/p>\n<div style='background: white; padding: 10px;'>Fechar &#9746;<\/div>\n<p><\/h3><div id=\"target-id69f337e564366\" class=\"collapseomatic_content \">\n<div class=\"youtube\" style=\"margin-left: 0px;\"><iframe loading=\"lazy\" width=\"620\" height=\"375\" src=\"https:\/\/www.youtube.com\/embed\/FNbjKJxHTgY?rel=0\" frameborder=\"0\" allowfullscreen><\/iframe><\/div>\n<\/div>\n<h3 class=\"collapseomatic noarrow\" id=\"id69f337e564373\"  tabindex=\"0\" alt=\"Seminaire International &quot;Repenser la conjoncture en Am\u00e9rique Latine&quot; (Paris, 2017)\" title=\"Seminaire International &quot;Repenser la conjoncture en Am\u00e9rique Latine&quot; (Paris, 2017)\"    ><\/p>\n<div style='background: white; padding: 10px;'>Seminaire International &quot;Repenser la conjoncture en Am\u00e9rique Latine&quot; (Paris, 2017)<\/div>\n<p><\/h3><h3 id='swap-id69f337e564373'  class='colomat-swap' style='display:none;'><\/p>\n<div style='background: white; padding: 10px;'>Fechar &#9746;<\/div>\n<p><\/h3><div id=\"target-id69f337e564373\" class=\"collapseomatic_content \">\n<div class=\"youtube\" style=\"margin-left: 0px;\"><iframe loading=\"lazy\" width=\"620\" height=\"375\" src=\"https:\/\/www.youtube.com\/embed\/EKlQ6NX4R4k&#038;t=2s?rel=0\" frameborder=\"0\" allowfullscreen><\/iframe><\/div>\n<\/div>\n<h3 class=\"collapseomatic noarrow\" id=\"id69f337e564380\"  tabindex=\"0\" alt=\"Seminaire International &quot;Repenser la conjoncture en Am\u00e9rique Latine&quot; (Paris, 2017)\" title=\"Seminaire International &quot;Repenser la conjoncture en Am\u00e9rique Latine&quot; (Paris, 2017)\"    ><\/p>\n<div style='background: white; padding: 10px;'>Workshop  &quot;Assist\u00eancia e religi\u00e3o: articula\u00e7\u00f5es e liminaridades&quot; (S\u00e3o Carlos, 2017)<\/div>\n<p><\/h3><h3 id='swap-id69f337e564380'  class='colomat-swap' style='display:none;'><\/p>\n<div style='background: white; padding: 10px;'>Fechar &#9746;<\/div>\n<p><\/h3><div id=\"target-id69f337e564380\" class=\"collapseomatic_content \">\n<div class=\"youtube\" style=\"margin-left: 0px;\"><iframe loading=\"lazy\" width=\"620\" height=\"375\" src=\"https:\/\/www.youtube.com\/embed\/EKlQ6NX4R4k&#038;t=2s?rel=0\" frameborder=\"0\" allowfullscreen><\/iframe><\/div>\n<\/div>\n<h3 class=\"collapseomatic noarrow\" id=\"id69f337e56438e\"  tabindex=\"0\" alt=\"Semin\u00e1rio &quot;Olhares Cruzados: pol\u00edtica(s), g\u00eanero e territorialidade&quot; (Belo Horizonte, 2017)\" title=\"Semin\u00e1rio &quot;Olhares Cruzados: pol\u00edtica(s), g\u00eanero e territorialidade&quot; (Belo Horizonte, 2017)\"    ><\/p>\n<div style='background: white; padding: 10px;'>Semin\u00e1rio &quot;Olhares Cruzados: pol\u00edtica(s), g\u00eanero e territorialidade&quot; (Belo Horizonte, 2017)<\/div>\n<p><\/h3><h3 id='swap-id69f337e56438e'  class='colomat-swap' style='display:none;'><\/p>\n<div style='background: white; padding: 10px;'>Fechar &#9746;<\/div>\n<p><\/h3><div id=\"target-id69f337e56438e\" class=\"collapseomatic_content \">\n<div class=\"youtube\" style=\"margin-left: 0px;\"><iframe loading=\"lazy\" width=\"620\" height=\"375\" src=\"https:\/\/www.youtube.com\/embed\/EZbnGMxxXV4?rel=0\" frameborder=\"0\" allowfullscreen><\/iframe><\/div>\n<\/div>\n<h3 class=\"collapseomatic noarrow\" id=\"id69f337e5643ac\"  tabindex=\"0\" alt=\"Semin\u00e1rio &quot;Olhares Cruzados: Pol\u00edtica(s), g\u00eanero e territorialidades&quot; (Belo Horizonte, 2017)\" title=\"Semin\u00e1rio &quot;Olhares Cruzados: Pol\u00edtica(s), g\u00eanero e territorialidades&quot; (Belo Horizonte, 2017)\"    ><\/p>\n<div style='background: white; padding: 10px;'>Semin\u00e1rio &quot;Olhares Cruzados: Pol\u00edtica(s), g\u00eanero e territorialidades&quot; (Belo Horizonte, 2017)<\/div>\n<p><\/h3><h3 id='swap-id69f337e5643ac'  class='colomat-swap' style='display:none;'><\/p>\n<div style='background: white; padding: 10px;'>Fechar &#9746;<\/div>\n<p><\/h3><div id=\"target-id69f337e5643ac\" class=\"collapseomatic_content \">\n<div class=\"youtube\" style=\"margin-left: 0px;\"><iframe loading=\"lazy\" width=\"620\" height=\"375\" src=\"https:\/\/www.youtube.com\/embed\/M5Jvan6-hEo?rel=0\" frameborder=\"0\" allowfullscreen><\/iframe><\/div>\n<\/div>\n<h3 class=\"collapseomatic noarrow\" id=\"id69f337e5643b9\"  tabindex=\"0\" alt=\"Semin\u00e1rio &quot;Din\u00e1micas del trabajo en Argentina y Brasil&quot; (Buenos Aires, 2017)\" title=\"Semin\u00e1rio &quot;Din\u00e1micas del trabajo en Argentina y Brasil&quot; (Buenos Aires, 2017)\"    ><\/p>\n<div style='background: white; padding: 10px;'>Semin\u00e1rio &quot;Din\u00e1micas del trabajo en Argentina y Brasil&quot; (Buenos Aires, 2017)<\/div>\n<p><\/h3><h3 id='swap-id69f337e5643b9'  class='colomat-swap' style='display:none;'><\/p>\n<div style='background: white; padding: 10px;'>Fechar &#9746;<\/div>\n<p><\/h3><div id=\"target-id69f337e5643b9\" class=\"collapseomatic_content \">\n<div class=\"youtube\" style=\"margin-left: 0px;\"><iframe loading=\"lazy\" width=\"620\" height=\"375\" src=\"https:\/\/www.youtube.com\/embed\/rPA6s_FMjmQ?rel=0\" frameborder=\"0\" allowfullscreen><\/iframe><\/div>\n<\/div>\n<h3 class=\"collapseomatic noarrow\" id=\"id69f337e5643ca\"  tabindex=\"0\" alt=\"Semin\u00e1rio &quot;Din\u00e1micas del trabajo en Argentina y Brasil&quot; (Buenos Aires, 2017)\" title=\"Semin\u00e1rio &quot;Din\u00e1micas del trabajo en Argentina y Brasil&quot; (Buenos Aires, 2017)\"    ><\/p>\n<div style='background: white; padding: 10px;'>Semin\u00e1rio &quot;Din\u00e1micas del trabajo en Argentina y Brasil&quot; (Buenos Aires, 2017)<\/div>\n<p><\/h3><h3 id='swap-id69f337e5643ca'  class='colomat-swap' style='display:none;'><\/p>\n<div style='background: white; padding: 10px;'>Fechar &#9746;<\/div>\n<p><\/h3><div id=\"target-id69f337e5643ca\" class=\"collapseomatic_content \">\n<div class=\"youtube\" style=\"margin-left: 0px;\"><iframe loading=\"lazy\" width=\"620\" height=\"375\" src=\"https:\/\/www.youtube.com\/embed\/83PfAU9IHig?rel=0\" frameborder=\"0\" allowfullscreen><\/iframe><\/div>\n<\/div>\n<h3 class=\"collapseomatic noarrow\" id=\"id69f337e5643d7\"  tabindex=\"0\" alt=\"2\u00b0 Workshop de metodologias Inter-eixos (S\u00e3o Carlos, 2016)\" title=\"2\u00b0 Workshop de metodologias Inter-eixos (S\u00e3o Carlos, 2016)\"    ><\/p>\n<div style='background: white; padding: 10px;'>2\u00b0 Workshop de metodologias Inter-eixos (S\u00e3o Carlos, 2016)<\/div>\n<p><\/h3><h3 id='swap-id69f337e5643d7'  class='colomat-swap' style='display:none;'><\/p>\n<div style='background: white; padding: 10px;'>Fechar &#9746;<\/div>\n<p><\/h3><div id=\"target-id69f337e5643d7\" class=\"collapseomatic_content \">\n<div class=\"youtube\" style=\"margin-left: 0px;\"><iframe loading=\"lazy\" width=\"620\" height=\"375\" src=\"https:\/\/www.youtube.com\/embed\/2KQJaAczIiM?rel=0\" frameborder=\"0\" allowfullscreen><\/iframe><\/div>\n<\/div>\n<h3 class=\"collapseomatic noarrow\" id=\"id69f337e5643e4\"  tabindex=\"0\" alt=\"2\u00b0 Workshop de metodologias Inter-eixos (S\u00e3o Carlos, 2016)\" title=\"2\u00b0 Workshop de metodologias Inter-eixos (S\u00e3o Carlos, 2016)\"    ><\/p>\n<div style='background: white; padding: 10px;'>2\u00b0 Workshop de metodologias Inter-eixos (S\u00e3o Carlos, 2016)<\/div>\n<p><\/h3><h3 id='swap-id69f337e5643e4'  class='colomat-swap' style='display:none;'><\/p>\n<div style='background: white; padding: 10px;'>Fechar &#9746;<\/div>\n<p><\/h3><div id=\"target-id69f337e5643e4\" class=\"collapseomatic_content \">\n<div class=\"youtube\" style=\"margin-left: 0px;\"><iframe loading=\"lazy\" width=\"620\" height=\"375\" src=\"https:\/\/www.youtube.com\/embed\/2xSbEq-2VVk?rel=0\" frameborder=\"0\" allowfullscreen><\/iframe><\/div>\n<\/div>\n<h3 class=\"collapseomatic noarrow\" id=\"id69f337e5643f1\"  tabindex=\"0\" alt=\"2\u00b0 Workshop de metodologias Inter-eixos: Mesa 2 (S\u00e3o Carlos, 2016)\" title=\"2\u00b0 Workshop de metodologias Inter-eixos: Mesa 2 (S\u00e3o Carlos, 2016)\"    ><\/p>\n<div style='background: white; padding: 10px;'>2\u00b0 Workshop de metodologias Inter-eixos: Mesa 2 (S\u00e3o Carlos, 2016)<\/div>\n<p><\/h3><h3 id='swap-id69f337e5643f1'  class='colomat-swap' style='display:none;'><\/p>\n<div style='background: white; padding: 10px;'>Fechar &#9746;<\/div>\n<p><\/h3><div id=\"target-id69f337e5643f1\" class=\"collapseomatic_content \">\n<div class=\"youtube\" style=\"margin-left: 0px;\"><iframe loading=\"lazy\" width=\"620\" height=\"375\" src=\"https:\/\/www.youtube.com\/embed\/gu4XCFA5i6s?rel=0\" frameborder=\"0\" allowfullscreen><\/iframe><\/div>\n<\/div>\n<h3 class=\"collapseomatic noarrow\" id=\"id69f337e5643ff\"  tabindex=\"0\" alt=\"2\u00b0 Workshop de metodologias Inter-eixos: Mesa 3 (S\u00e3o Carlos, 2016)\" title=\"2\u00b0 Workshop de metodologias Inter-eixos: Mesa 3 (S\u00e3o Carlos, 2016)\"    ><\/p>\n<div style='background: white; padding: 10px;'>2\u00b0 Workshop de metodologias Inter-eixos: Mesa 3 (S\u00e3o Carlos, 2016)<\/div>\n<p><\/h3><h3 id='swap-id69f337e5643ff'  class='colomat-swap' style='display:none;'><\/p>\n<div style='background: white; padding: 10px;'>Fechar &#9746;<\/div>\n<p><\/h3><div id=\"target-id69f337e5643ff\" class=\"collapseomatic_content \">\n<div class=\"youtube\" style=\"margin-left: 0px;\"><iframe loading=\"lazy\" width=\"620\" height=\"375\" src=\"https:\/\/www.youtube.com\/embed\/JkSg3JINLW4?rel=0\" frameborder=\"0\" allowfullscreen><\/iframe><\/div>\n<\/div>\n","protected":false},"excerpt":{"rendered":"<p>Semin\u00e1rio Internacional Brasil-Fran\u00e7a<\/p>\n","protected":false},"author":1,"featured_media":0,"parent":0,"menu_order":0,"comment_status":"closed","ping_status":"closed","template":"","meta":[],"_links":{"self":[{"href":"https:\/\/sagemm.ird.fr\/index.php?rest_route=\/wp\/v2\/pages\/837"}],"collection":[{"href":"https:\/\/sagemm.ird.fr\/index.php?rest_route=\/wp\/v2\/pages"}],"about":[{"href":"https:\/\/sagemm.ird.fr\/index.php?rest_route=\/wp\/v2\/types\/page"}],"author":[{"embeddable":true,"href":"https:\/\/sagemm.ird.fr\/index.php?rest_route=\/wp\/v2\/users\/1"}],"replies":[{"embeddable":true,"href":"https:\/\/sagemm.ird.fr\/index.php?rest_route=%2Fwp%2Fv2%2Fcomments&post=837"}],"version-history":[{"count":52,"href":"https:\/\/sagemm.ird.fr\/index.php?rest_route=\/wp\/v2\/pages\/837\/revisions"}],"predecessor-version":[{"id":1045,"href":"https:\/\/sagemm.ird.fr\/index.php?rest_route=\/wp\/v2\/pages\/837\/revisions\/1045"}],"wp:attachment":[{"href":"https:\/\/sagemm.ird.fr\/index.php?rest_route=%2Fwp%2Fv2%2Fmedia&parent=837"}],"curies":[{"name":"wp","href":"https:\/\/api.w.org\/{rel}","templated":true}]}}